{"id":465,"date":"2016-09-27T14:57:56","date_gmt":"2016-09-27T12:57:56","guid":{"rendered":"http:\/\/fitness2.mythemecloud.io\/?page_id=465"},"modified":"2024-02-20T18:10:02","modified_gmt":"2024-02-20T17:10:02","slug":"gallery","status":"publish","type":"page","link":"https:\/\/www.espir.fr\/index.php\/gallery\/","title":{"rendered":"Qui suis-je ?"},"content":{"rendered":"<p>[et_pb_section fb_built=&#8221;1&#8243; admin_label=&#8221;Header&#8221; _builder_version=&#8221;4.14.7&#8243; use_background_color_gradient=&#8221;on&#8221; background_color_gradient_start=&#8221;rgba(0,0,0,0.3)&#8221; background_color_gradient_end=&#8221;rgba(0,0,0,0.73)&#8221; background_color_gradient_overlays_image=&#8221;on&#8221; background_image=&#8221;https:\/\/www.espir.fr\/wp-content\/uploads\/2022\/02\/Capture-decran-2022-02-09-a-21.47.15.png&#8221; locked=&#8221;off&#8221; global_colors_info=&#8221;{}&#8221;][et_pb_row _builder_version=&#8221;4.4.7&#8243; global_colors_info=&#8221;{}&#8221;][et_pb_column type=&#8221;4_4&#8243; _builder_version=&#8221;4.4.7&#8243; global_colors_info=&#8221;{}&#8221;][et_pb_text _builder_version=&#8221;4.14.7&#8243; text_font=&#8221;Muli||||||||&#8221; text_font_size=&#8221;22px&#8221; text_line_height=&#8221;1.4em&#8221; header_font=&#8221;ZCOOL XiaoWei||||||||&#8221; header_font_size=&#8221;80px&#8221; text_orientation=&#8221;center&#8221; background_layout=&#8221;dark&#8221; max_width=&#8221;700px&#8221; module_alignment=&#8221;center&#8221; text_font_size_tablet=&#8221;18px&#8221; text_font_size_phone=&#8221;16px&#8221; text_font_size_last_edited=&#8221;on|tablet&#8221; text_line_height_tablet=&#8221;&#8221; text_line_height_phone=&#8221;1.8em&#8221; text_line_height_last_edited=&#8221;on|phone&#8221; header_font_size_tablet=&#8221;48px&#8221; header_font_size_phone=&#8221;30px&#8221; header_font_size_last_edited=&#8221;on|phone&#8221; global_colors_info=&#8221;{}&#8221;]<\/p>\n<h1>Qui suis-je ?<\/h1>\n<p>Isabelle Villedey, sophrologue sp\u00e9cialis\u00e9e aupr\u00e8s des sportifs et en entreprise dans le cadre de l&#8217;am\u00e9lioration de la QVT. \u00a0Je pratique \u00e9galement les soins \u00e9nerg\u00e9tiques, le yoga du rire, l&#8217;EFT et le Qi Gong.<\/p>\n<p>[\/et_pb_text][\/et_pb_column][\/et_pb_row][\/et_pb_section][et_pb_section fb_built=&#8221;1&#8243; admin_label=&#8221;Details&#8221; _builder_version=&#8221;4.4.7&#8243; global_colors_info=&#8221;{}&#8221;][et_pb_row column_structure=&#8221;3_5,2_5&#8243; _builder_version=&#8221;4.4.7&#8243; global_colors_info=&#8221;{}&#8221;][et_pb_column type=&#8221;3_5&#8243; _builder_version=&#8221;4.4.7&#8243; global_colors_info=&#8221;{}&#8221;][et_pb_text _builder_version=&#8221;4.14.7&#8243; text_font=&#8221;Muli||||||||&#8221; text_font_size=&#8221;16px&#8221; text_line_height=&#8221;1.8em&#8221; text_font_size_tablet=&#8221;&#8221; text_font_size_phone=&#8221;14px&#8221; text_font_size_last_edited=&#8221;on|phone&#8221; locked=&#8221;off&#8221; global_colors_info=&#8221;{}&#8221;]<\/p>\n<p>Bienvenue dans mon univers de bien-\u00eatre et d&#8217;\u00e9panouissement !<\/p>\n<p>Apr\u00e8s une carri\u00e8re enrichissante en tant que responsable financier, j&#8217;ai choisi de suivre ma passion pour le bien-\u00eatre en me reconvertissant comme <strong>sophrologue,<\/strong> form\u00e9e \u00e0 l\u2019Institut de Formation \u00e0 la Sophrologie.<\/p>\n<p>Ma passion pour le <strong>Qi Gon<\/strong>g, cultiv\u00e9e depuis une d\u00e9cennie, m&#8217;a conduite \u00e0 obtenir ma certification de professeur de Qi Gong aupr\u00e8s de l\u2019\u00e9cole du Tao \u00e0 Tours. En outre, je suis \u00e9galement animatrice au sein d&#8217;une association, partageant ainsi ma passion avec les autres.<\/p>\n<p>Fortement engag\u00e9e dans le domaine \u00e9nerg\u00e9tique, je suis certifi\u00e9e au niveau 3 du <strong>R\u00e9iki<\/strong>, offrant des s<strong>oins \u00e9nerg\u00e9tiques<\/strong> dans mon cabinet, au domicile des clients ou m\u00eame \u00e0 distance.<\/p>\n<p>En tant qu&#8217;animatrice certifi\u00e9e de <strong>yoga du rire,<\/strong> je propose r\u00e9guli\u00e8rement des s\u00e9ances de groupe <strong>en entreprise<\/strong> ou <strong>au sein d&#8217;associations<\/strong>, apportant ainsi une dose de <strong><em>joie et de bien-\u00eatre<\/em><\/strong> \u00e0 tous ceux qui y participent.<\/p>\n<p>Mon amour pour la culture et la philosophie asiatique m&#8217;a conduit \u00e0 explorer divers aspects tels que la m\u00e9decine traditionnelle chinoise, l&#8217;acupression, la m\u00e9ditation, les arts \u00e9nerg\u00e9tiques, ainsi que la cuisine et la peinture.<\/p>\n<p>Mon objectif est de vous accompagner dans votre voyage vers un bien-\u00eatre total, en combinant diff\u00e9rentes pratiques et enseignements pour nourrir votre esprit, votre corps et votre \u00e2me.<\/p>\n<p><em><strong>Contactez-moi d\u00e8s aujourd&#8217;hui pour commencer votre propre voyage vers le bien-\u00eatre et la s\u00e9r\u00e9nit\u00e9. Je suis l\u00e0 pour vous guider \u00e0 chaque \u00e9tape du chemin.<\/strong><\/em><\/p>\n<p>[\/et_pb_text][et_pb_image src=&#8221;https:\/\/www.espir.fr\/wp-content\/uploads\/2022\/02\/la-chambre-syndicale-de-la-sophrologie-logo.jpg&#8221; title_text=&#8221;la-chambre-syndicale-de-la-sophrologie-logo&#8221; _builder_version=&#8221;4.14.7&#8243; _module_preset=&#8221;default&#8221; max_width=&#8221;77%&#8221; module_alignment=&#8221;center&#8221; global_colors_info=&#8221;{}&#8221;][\/et_pb_image][et_pb_button button_url=&#8221;https:\/\/www.chambre-syndicale-sophrologie.fr\/deontologie-sophrologie\/&#8221; button_text=&#8221; CODE DE D\u00c9ONTOLOGIE DES SOPHROLOGUES&#8221; button_alignment=&#8221;center&#8221; _builder_version=&#8221;4.14.7&#8243; _module_preset=&#8221;default&#8221; custom_button=&#8221;on&#8221; button_text_color=&#8221;#E09900&#8243; global_colors_info=&#8221;{}&#8221;][\/et_pb_button][\/et_pb_column][et_pb_column type=&#8221;2_5&#8243; _builder_version=&#8221;4.4.7&#8243; global_colors_info=&#8221;{}&#8221;][et_pb_blurb title=&#8221;Formation certifi\u00e9e de sophrologue&#8221; use_icon=&#8221;on&#8221; font_icon=&#8221;&#x4e;||divi||400&#8243; icon_color=&#8221;#2a2a2a&#8221; icon_placement=&#8221;left&#8221; image_icon_width=&#8221;24px&#8221; content_max_width=&#8221;100%&#8221; _builder_version=&#8221;4.14.7&#8243; header_font=&#8221;Josefin Sans||||||||&#8221; header_font_size=&#8221;22px&#8221; header_line_height=&#8221;1.4em&#8221; custom_margin=&#8221;||10px||false|false&#8221; animation=&#8221;off&#8221; hover_enabled=&#8221;0&#8243; header_font_size_tablet=&#8221;20px&#8221; header_font_size_phone=&#8221;18px&#8221; header_font_size_last_edited=&#8221;on|tablet&#8221; icon_font_size=&#8221;24px&#8221; locked=&#8221;off&#8221; global_colors_info=&#8221;{}&#8221; sticky_enabled=&#8221;0&#8243;][\/et_pb_blurb][et_pb_blurb title=&#8221;Formation de professeur de Qi Gong&#8221; use_icon=&#8221;on&#8221; font_icon=&#8221;&#x4e;||divi||400&#8243; icon_color=&#8221;#2a2a2a&#8221; icon_placement=&#8221;left&#8221; image_icon_width=&#8221;24px&#8221; content_max_width=&#8221;100%&#8221; _builder_version=&#8221;4.14.7&#8243; header_font=&#8221;Josefin Sans||||||||&#8221; header_font_size=&#8221;22px&#8221; header_line_height=&#8221;1.4em&#8221; custom_margin=&#8221;||10px||false|false&#8221; animation=&#8221;off&#8221; header_font_size_tablet=&#8221;20px&#8221; header_font_size_phone=&#8221;18px&#8221; header_font_size_last_edited=&#8221;on|tablet&#8221; icon_font_size=&#8221;24px&#8221; locked=&#8221;off&#8221; global_colors_info=&#8221;{}&#8221;][\/et_pb_blurb][et_pb_blurb title=&#8221;Formation de Reiki niveau 3&#8243; use_icon=&#8221;on&#8221; font_icon=&#8221;&#x4e;||divi||400&#8243; icon_color=&#8221;#2a2a2a&#8221; icon_placement=&#8221;left&#8221; image_icon_width=&#8221;24px&#8221; content_max_width=&#8221;100%&#8221; _builder_version=&#8221;4.14.7&#8243; header_font=&#8221;Josefin Sans||||||||&#8221; header_font_size=&#8221;22px&#8221; header_line_height=&#8221;1.4em&#8221; custom_margin=&#8221;||10px||false|false&#8221; animation=&#8221;off&#8221; header_font_size_tablet=&#8221;20px&#8221; header_font_size_phone=&#8221;18px&#8221; header_font_size_last_edited=&#8221;on|tablet&#8221; icon_font_size=&#8221;24px&#8221; locked=&#8221;off&#8221; global_colors_info=&#8221;{}&#8221;][\/et_pb_blurb][et_pb_blurb title=&#8221;Certifi\u00e9e animatrice yoga du rire&#8221; use_icon=&#8221;on&#8221; font_icon=&#8221;&#x4e;||divi||400&#8243; icon_color=&#8221;#2a2a2a&#8221; icon_placement=&#8221;left&#8221; image_icon_width=&#8221;24px&#8221; content_max_width=&#8221;100%&#8221; _builder_version=&#8221;4.14.7&#8243; header_font=&#8221;Josefin Sans||||||||&#8221; header_font_size=&#8221;22px&#8221; header_line_height=&#8221;1.4em&#8221; custom_margin=&#8221;||10px||false|false&#8221; animation=&#8221;off&#8221; header_font_size_tablet=&#8221;20px&#8221; header_font_size_phone=&#8221;18px&#8221; header_font_size_last_edited=&#8221;on|tablet&#8221; icon_font_size=&#8221;24px&#8221; locked=&#8221;off&#8221; global_colors_info=&#8221;{}&#8221;][\/et_pb_blurb][et_pb_image src=&#8221;https:\/\/www.espir.fr\/wp-content\/uploads\/2022\/02\/Isa-1-scaled.jpg&#8221; alt=&#8221;\u00e9nerg\u00e9ticien&#8221; title_text=&#8221;Isa 1&#8243; align=&#8221;center&#8221; _builder_version=&#8221;4.14.7&#8243; _module_preset=&#8221;default&#8221; width=&#8221;50%&#8221; max_width=&#8221;50%&#8221; module_alignment=&#8221;left&#8221; module_alignment_tablet=&#8221;left&#8221; module_alignment_phone=&#8221;left&#8221; module_alignment_last_edited=&#8221;on|desktop&#8221; border_radii=&#8221;on|17px|17px|17px|17px&#8221; global_colors_info=&#8221;{}&#8221;][\/et_pb_image][\/et_pb_column][\/et_pb_row][et_pb_row column_structure=&#8221;1_2,1_2&#8243; _builder_version=&#8221;4.14.7&#8243; _module_preset=&#8221;default&#8221; global_colors_info=&#8221;{}&#8221;][et_pb_column type=&#8221;1_2&#8243; _builder_version=&#8221;4.14.7&#8243; _module_preset=&#8221;default&#8221; global_colors_info=&#8221;{}&#8221;][et_pb_text _builder_version=&#8221;4.14.7&#8243; _module_preset=&#8221;default&#8221; text_font_size=&#8221;16px&#8221; header_text_color=&#8221;#e09900&#8243; global_colors_info=&#8221;{}&#8221;]<\/p>\n<h1><strong>Pourquoi ESPIR ?\u00a0<\/strong><\/h1>\n<p><strong>Espir<\/strong> est la contraction d&#8217;<strong>inspire<\/strong> et d&#8217;<strong>expire<\/strong>.<\/p>\n<p>A travers ce nom je souhaite transmettre la base de la sophrologie et des diff\u00e9rentes sp\u00e9cialit\u00e9s que je propose.<\/p>\n<p>[\/et_pb_text][\/et_pb_column][et_pb_column type=&#8221;1_2&#8243; _builder_version=&#8221;4.14.7&#8243; _module_preset=&#8221;default&#8221; global_colors_info=&#8221;{}&#8221;][et_pb_image src=&#8221;https:\/\/www.espir.fr\/wp-content\/uploads\/2024\/02\/logo-2022-V5.png&#8221; title_text=&#8221;logo 2022 V5&#8243; src_tablet=&#8221;https:\/\/www.espir.fr\/wp-content\/uploads\/2024\/02\/logo-2022-V5.png&#8221; src_phone=&#8221;https:\/\/www.espir.fr\/wp-content\/uploads\/2024\/02\/logo-2022-V5.png&#8221; src_last_edited=&#8221;on|desktop&#8221; _builder_version=&#8221;4.14.7&#8243; _module_preset=&#8221;default&#8221; width=&#8221;40%&#8221; max_width=&#8221;40%&#8221; module_alignment=&#8221;center&#8221; global_colors_info=&#8221;{}&#8221; src__hover_enabled=&#8221;on|desktop&#8221; src__hover=&#8221;https:\/\/www.espir.fr\/wp-content\/uploads\/2024\/02\/logo-2022-V5.png&#8221;][\/et_pb_image][\/et_pb_column][\/et_pb_row][et_pb_row column_structure=&#8221;1_2,1_2&#8243; _builder_version=&#8221;4.14.7&#8243; width=&#8221;82.9%&#8221; hover_enabled=&#8221;0&#8243; global_colors_info=&#8221;{}&#8221; sticky_enabled=&#8221;0&#8243;][et_pb_column type=&#8221;1_2&#8243; _builder_version=&#8221;4.14.7&#8243; background_color=&#8221;#091e3d&#8221; custom_padding=&#8221;80px|50px|80px||true|false&#8221; custom_padding_tablet=&#8221;&#8221; custom_padding_phone=&#8221;50px|30px|50px||true|false&#8221; custom_padding_last_edited=&#8221;on|tablet&#8221; box_shadow_style=&#8221;preset4&#8243; box_shadow_horizontal=&#8221;-16vw&#8221; box_shadow_vertical=&#8221;0px&#8221; box_shadow_color=&#8221;#afe0c2&#8243; global_colors_info=&#8221;{}&#8221;][et_pb_text _builder_version=&#8221;4.14.7&#8243; header_2_font=&#8221;Josefin Sans|600|||||||&#8221; header_2_font_size=&#8221;60px&#8221; header_2_line_height=&#8221;1.2em&#8221; header_2_font_size_tablet=&#8221;42px&#8221; header_2_font_size_phone=&#8221;24px&#8221; header_2_font_size_last_edited=&#8221;on|phone&#8221; header_2_line_height_tablet=&#8221;&#8221; header_2_line_height_phone=&#8221;1.4em&#8221; header_2_line_height_last_edited=&#8221;on|phone&#8221; locked=&#8221;off&#8221; global_colors_info=&#8221;{}&#8221;]<\/p>\n<h2><span style=\"color: #ffffff;\">Ce qui m&#8217;anime<\/span><\/h2>\n<p>[\/et_pb_text][\/et_pb_column][et_pb_column type=&#8221;1_2&#8243; _builder_version=&#8221;4.4.8&#8243; border_width_all=&#8221;2px&#8221; global_colors_info=&#8221;{}&#8221;][et_pb_accordion closed_toggle_background_color=&#8221;rgba(0,0,0,0)&#8221; icon_color=&#8221;#2a2a2a&#8221; _builder_version=&#8221;4.14.7&#8243; toggle_font=&#8221;Josefin Sans|600|||||||&#8221; toggle_font_size=&#8221;18px&#8221; toggle_line_height=&#8221;1.4em&#8221; body_font_size=&#8221;16px&#8221; body_line_height=&#8221;1.8em&#8221; custom_padding=&#8221;||||false|true&#8221; hover_enabled=&#8221;0&#8243; toggle_font_size_tablet=&#8221;&#8221; toggle_font_size_phone=&#8221;16px&#8221; toggle_font_size_last_edited=&#8221;on|phone&#8221; body_font_size_tablet=&#8221;&#8221; body_font_size_phone=&#8221;14px&#8221; body_font_size_last_edited=&#8221;on|phone&#8221; border_width_all=&#8221;0px&#8221; border_width_bottom=&#8221;2px&#8221; border_color_bottom=&#8221;#000000&#8243; global_colors_info=&#8221;{}&#8221; sticky_enabled=&#8221;0&#8243;][et_pb_accordion_item title=&#8221;Accompagner les sportifs&#8221; open=&#8221;off&#8221; _builder_version=&#8221;4.14.7&#8243; hover_enabled=&#8221;0&#8243; global_colors_info=&#8221;{}&#8221; sticky_enabled=&#8221;0&#8243;]<\/p>\n<p>Avec la sophrologie, je pr\u00e9pare mentalement le sportif afin d&#8217;am\u00e9liorer ses performances et prendre confiance en lui.<\/p>\n<p>[\/et_pb_accordion_item][et_pb_accordion_item title=&#8221;Accompagner les salari\u00e9s en entreprise&#8221; _builder_version=&#8221;4.14.7&#8243; hover_enabled=&#8221;0&#8243; global_colors_info=&#8221;{}&#8221; open=&#8221;off&#8221; sticky_enabled=&#8221;0&#8243;]<\/p>\n<p>Transmettre des outils pour rendre autonome les personnes dans la gestion du stress, am\u00e9liorer la confiance en soi ou\u00a0 prendre du recul sur les \u00e9v\u00e8nements.<\/p>\n<p>[\/et_pb_accordion_item][et_pb_accordion_item title=&#8221;Transmettre une technique de lib\u00e9ration \u00e9motionnelle.&#8221; _builder_version=&#8221;4.14.7&#8243; hover_enabled=&#8221;0&#8243; global_colors_info=&#8221;{}&#8221; open=&#8221;on&#8221; sticky_enabled=&#8221;0&#8243;]<\/p>\n<p>J&#8217;utilise l&#8217;EFT qui est une technique de tapping sur les points \u00e9nerg\u00e9tiques en lien avec les m\u00e9ridiens. Je transmets cette m\u00e9thode qui permet \u00e0 tous de lever les blocages et croyances n\u00e9gatives souvent li\u00e9s \u00e0 l&#8217;enfance suite aux remarques n\u00e9gatives de l&#8217;entourage.<\/p>\n<p>[\/et_pb_accordion_item][et_pb_accordion_item title=&#8221;Donner des soins \u00e9nerg\u00e9tiques&#8221; _builder_version=&#8221;4.14.7&#8243; hover_enabled=&#8221;0&#8243; global_colors_info=&#8221;{}&#8221; open=&#8221;off&#8221; sticky_enabled=&#8221;0&#8243;]<\/p>\n<p>Donner des soins \u00e9nerg\u00e9tiques en transmettant une forme d&#8217;\u00e9nergie universelle qui va booster le corps,\u00a0 appaiser le mental\u00a0 ou \u00e9quilibrer les \u00e9motions.<\/p>\n<p>[\/et_pb_accordion_item][et_pb_accordion_item title=&#8221;Enseigner le Qi Gong&#8221; _builder_version=&#8221;4.14.7&#8243; hover_enabled=&#8221;0&#8243; global_colors_info=&#8221;{}&#8221; open=&#8221;off&#8221; sticky_enabled=&#8221;0&#8243;]<\/p>\n<p>Cette pratique mill\u00e9naire de gymnastique permet de pr\u00e9venir les maladies par l&#8217;harmonisation du corps et de l&#8217;esprit. Cette gymnastique douce favorise la circulation de l&#8217;\u00e9nergie dans les m\u00e9ridiens selon les principes de la m\u00e9decine traditionnelle chinoise.<\/p>\n<p>[\/et_pb_accordion_item][\/et_pb_accordion][\/et_pb_column][\/et_pb_row][\/et_pb_section][et_pb_section fb_built=&#8221;1&#8243; admin_label=&#8221;Footer&#8221; _builder_version=&#8221;4.4.8&#8243; background_color=&#8221;#ffffff&#8221; use_background_color_gradient=&#8221;on&#8221; background_color_gradient_start=&#8221;rgba(255,255,255,0.8)&#8221; background_color_gradient_end=&#8221;rgba(255,255,255,0.8)&#8221; background_color_gradient_overlays_image=&#8221;on&#8221; background_image=&#8221;https:\/\/www.espir.fr\/wp-content\/uploads\/2022\/02\/holistic-healer-21.png&#8221; background_size=&#8221;initial&#8221; background_position=&#8221;top_left&#8221; background_repeat=&#8221;repeat&#8221; overflow-x=&#8221;hidden&#8221; overflow-y=&#8221;hidden&#8221; locked=&#8221;off&#8221; global_colors_info=&#8221;{}&#8221;][et_pb_row _builder_version=&#8221;4.4.7&#8243; width=&#8221;60%&#8221; global_colors_info=&#8221;{}&#8221;][et_pb_column type=&#8221;4_4&#8243; _builder_version=&#8221;4.4.7&#8243; global_colors_info=&#8221;{}&#8221;][et_pb_text _builder_version=&#8221;4.4.7&#8243; header_2_font=&#8221;ZCOOL XiaoWei||||||||&#8221; header_2_text_color=&#8221;#a9804a&#8221; header_2_font_size=&#8221;80px&#8221; text_orientation=&#8221;center&#8221; max_width=&#8221;550px&#8221; max_width_tablet=&#8221;350px&#8221; max_width_phone=&#8221;220px&#8221; max_width_last_edited=&#8221;on|desktop&#8221; module_alignment=&#8221;center&#8221; header_2_font_size_tablet=&#8221;48px&#8221; header_2_font_size_phone=&#8221;30px&#8221; header_2_font_size_last_edited=&#8221;on|phone&#8221; border_width_left=&#8221;5px&#8221; border_color_left=&#8221;#a9804a&#8221; global_colors_info=&#8221;{}&#8221;]<\/p>\n<h2><span style=\"color: #b07502;\">D\u00e9couvrir une s\u00e9ance<\/span><\/h2>\n<p>[\/et_pb_text][\/et_pb_column][\/et_pb_row][et_pb_row column_structure=&#8221;1_3,1_3,1_3&#8243; _builder_version=&#8221;4.4.7&#8243; global_colors_info=&#8221;{}&#8221;][et_pb_column type=&#8221;1_3&#8243; _builder_version=&#8221;4.4.7&#8243; global_colors_info=&#8221;{}&#8221;][et_pb_text _builder_version=&#8221;4.14.7&#8243; text_font=&#8221;Muli||||||||&#8221; text_font_size=&#8221;16px&#8221; text_line_height=&#8221;1.8em&#8221; header_3_font=&#8221;Josefin Sans||||||||&#8221; header_3_line_height=&#8221;1.4em&#8221; text_orientation=&#8221;center&#8221; text_font_size_tablet=&#8221;&#8221; text_font_size_phone=&#8221;14px&#8221; text_font_size_last_edited=&#8221;on|phone&#8221; header_3_font_size_tablet=&#8221;20px&#8221; header_3_font_size_phone=&#8221;18px&#8221; header_3_font_size_last_edited=&#8221;on|tablet&#8221; header_3_line_height_tablet=&#8221;&#8221; header_3_line_height_phone=&#8221;1.8em&#8221; header_3_line_height_last_edited=&#8221;on|phone&#8221; locked=&#8221;off&#8221; global_colors_info=&#8221;{}&#8221;]<\/p>\n<h3>Adresse<\/h3>\n<p><span>8 Les Landes de Pin\u00e7on, 35230 Noyal-Ch\u00e2tillon-sur-Seiche<\/span><\/p>\n<p>[\/et_pb_text][\/et_pb_column][et_pb_column type=&#8221;1_3&#8243; _builder_version=&#8221;4.4.7&#8243; global_colors_info=&#8221;{}&#8221;][et_pb_text _builder_version=&#8221;4.14.7&#8243; text_font=&#8221;Muli||||||||&#8221; text_font_size=&#8221;16px&#8221; text_line_height=&#8221;1.8em&#8221; header_3_font=&#8221;Josefin Sans||||||||&#8221; header_3_line_height=&#8221;1.4em&#8221; text_orientation=&#8221;center&#8221; text_font_size_tablet=&#8221;&#8221; text_font_size_phone=&#8221;14px&#8221; text_font_size_last_edited=&#8221;on|phone&#8221; header_3_font_size_tablet=&#8221;20px&#8221; header_3_font_size_phone=&#8221;18px&#8221; header_3_font_size_last_edited=&#8221;on|tablet&#8221; header_3_line_height_tablet=&#8221;&#8221; header_3_line_height_phone=&#8221;1.8em&#8221; header_3_line_height_last_edited=&#8221;on|phone&#8221; locked=&#8221;off&#8221; global_colors_info=&#8221;{}&#8221;]<\/p>\n<h3>T\u00e9l\u00e9phone<\/h3>\n<p><span aria-label=\"Appeler le 06 65 10 84 72\">06 65 10 84 72<\/span><\/p>\n<p>[\/et_pb_text][et_pb_button button_url=&#8221;https:\/\/www.resalib.fr\/praticien\/44198-villedey-isabelle-sophrologue-noyal-chatillon-sur-seiche&#8221; button_text=&#8221;Prendre RDV&#8221; button_alignment=&#8221;center&#8221; _builder_version=&#8221;4.14.7&#8243; custom_button=&#8221;on&#8221; button_text_size=&#8221;22px&#8221; button_text_color=&#8221;#FFFFFF&#8221; button_bg_color=&#8221;#247dfd&#8221; button_border_width=&#8221;0px&#8221; button_border_radius=&#8221;50px&#8221; button_font=&#8221;Josefin Sans|600|||||||&#8221; background_layout=&#8221;dark&#8221; custom_margin_tablet=&#8221;0px||||false|false&#8221; custom_margin_last_edited=&#8221;off|desktop&#8221; custom_padding=&#8221;15px|40px|15px|40px|true|true&#8221; button_text_size_tablet=&#8221;18px&#8221; button_text_size_phone=&#8221;14px&#8221; button_text_size_last_edited=&#8221;on|phone&#8221; locked=&#8221;off&#8221; global_colors_info=&#8221;{}&#8221;][\/et_pb_button][\/et_pb_column][et_pb_column type=&#8221;1_3&#8243; _builder_version=&#8221;4.4.7&#8243; global_colors_info=&#8221;{}&#8221;][et_pb_text _builder_version=&#8221;4.14.7&#8243; text_font=&#8221;Muli||||||||&#8221; text_font_size=&#8221;16px&#8221; text_line_height=&#8221;1.8em&#8221; header_3_font=&#8221;Josefin Sans||||||||&#8221; header_3_line_height=&#8221;1.4em&#8221; text_orientation=&#8221;center&#8221; text_font_size_tablet=&#8221;&#8221; text_font_size_phone=&#8221;14px&#8221; text_font_size_last_edited=&#8221;on|phone&#8221; header_3_font_size_tablet=&#8221;20px&#8221; header_3_font_size_phone=&#8221;18px&#8221; header_3_font_size_last_edited=&#8221;on|tablet&#8221; header_3_line_height_tablet=&#8221;&#8221; header_3_line_height_phone=&#8221;1.8em&#8221; header_3_line_height_last_edited=&#8221;on|phone&#8221; locked=&#8221;off&#8221; global_colors_info=&#8221;{}&#8221;]<\/p>\n<h3>Mail<\/h3>\n<p>villedey.sophro@gmail.com<\/p>\n<p>[\/et_pb_text][\/et_pb_column][\/et_pb_row][\/et_pb_section]<\/p>\n","protected":false},"excerpt":{"rendered":"<p>Qui suis-je ? Isabelle Villedey, sophrologue sp\u00e9cialis\u00e9e aupr\u00e8s des sportifs et en entreprise dans le cadre de l&#8217;am\u00e9lioration de la QVT. \u00a0Je pratique \u00e9galement les soins \u00e9nerg\u00e9tiques, le yoga du rire, l&#8217;EFT et le Qi Gong.Bienvenue dans mon univers de bien-\u00eatre et d&#8217;\u00e9panouissement ! Apr\u00e8s une carri\u00e8re enrichissante en tant que responsable financier, j&#8217;ai choisi [&hellip;]<\/p>\n","protected":false},"author":1,"featured_media":0,"parent":0,"menu_order":0,"comment_status":"closed","ping_status":"closed","template":"","meta":{"_et_pb_use_builder":"on","_et_pb_old_content":"<h3>Sophrologue <br> Praticienne en soin \u00e9nerg\u00e9tique<\/h3>\t\t\n\t\t\t<h2>Qui suis-je ?<\/h2>\t\t\n\t\t<p>Apr\u00e8s une carri\u00e8re de responsable financier, je me suis reconvertie comme <strong>sophrologue<\/strong> apr\u00e8s une formation \u00e0 l\u2019Institut de Formation \u00e0 la Sophrologie.<\/p><p>\u00a0<\/p><p>Pratiquant le <strong>Qi Gong<\/strong> depuis une dizaine d\u2019ann\u00e9es, je suis aussi animatrice dans une association tout en poursuivant une formation d\u2019enseignant Qi Gong (en 3\u00e8me et derni\u00e8re ann\u00e9e).<\/p><p>\u00a0<\/p><p>Form\u00e9e au <strong>R\u00e9iki niveau 2<\/strong>,\u00a0 je donne des <strong>soins \u00e9nerg\u00e9tiques<\/strong> \u00e0 mon cabinet, au domicile des clients ou \u00e0 distance. Certifi\u00e9e aussi animatrice yoga du rire, j\u2019anime r\u00e9guli\u00e8rement des s\u00e9ances de groupe en entreprise ou dans des associations.<\/p><p>Je suis passionn\u00e9e par la culture et la philosophie <strong>asiatique<\/strong> : m\u00e9decine traditionnelle chinoise, acupression, m\u00e9ditation, arts \u00e9nerg\u00e9tiques, cuisine et peinture.<\/p>\t\t\n\t\t\t\t\t\t\t\t\t\t<img width=\"244\" height=\"300\" src=\"https:\/\/www.espir.fr\/wp-content\/uploads\/2020\/10\/Photo-isa-2-244x300.jpg\" alt=\"\u00e9nerg\u00e9ticien\" loading=\"lazy\" srcset=\"https:\/\/www.espir.fr\/wp-content\/uploads\/2020\/10\/Photo-isa-2-244x300.jpg 244w, https:\/\/www.espir.fr\/wp-content\/uploads\/2020\/10\/Photo-isa-2-833x1024.jpg 833w, https:\/\/www.espir.fr\/wp-content\/uploads\/2020\/10\/Photo-isa-2-768x945.jpg 768w, https:\/\/www.espir.fr\/wp-content\/uploads\/2020\/10\/Photo-isa-2-1249x1536.jpg 1249w, https:\/\/www.espir.fr\/wp-content\/uploads\/2020\/10\/Photo-isa-2.jpg 1583w\" sizes=\"(max-width: 244px) 100vw, 244px\" \/>","_et_gb_content_width":"","footnotes":""},"_links":{"self":[{"href":"https:\/\/www.espir.fr\/index.php\/wp-json\/wp\/v2\/pages\/465"}],"collection":[{"href":"https:\/\/www.espir.fr\/index.php\/wp-json\/wp\/v2\/pages"}],"about":[{"href":"https:\/\/www.espir.fr\/index.php\/wp-json\/wp\/v2\/types\/page"}],"author":[{"embeddable":true,"href":"https:\/\/www.espir.fr\/index.php\/wp-json\/wp\/v2\/users\/1"}],"replies":[{"embeddable":true,"href":"https:\/\/www.espir.fr\/index.php\/wp-json\/wp\/v2\/comments?post=465"}],"version-history":[{"count":36,"href":"https:\/\/www.espir.fr\/index.php\/wp-json\/wp\/v2\/pages\/465\/revisions"}],"predecessor-version":[{"id":2163,"href":"https:\/\/www.espir.fr\/index.php\/wp-json\/wp\/v2\/pages\/465\/revisions\/2163"}],"wp:attachment":[{"href":"https:\/\/www.espir.fr\/index.php\/wp-json\/wp\/v2\/media?parent=465"}],"curies":[{"name":"wp","href":"https:\/\/api.w.org\/{rel}","templated":true}]}}